{"id":13,"date":"2023-11-30T17:44:05","date_gmt":"2023-11-30T17:44:05","guid":{"rendered":"https:\/\/gradinileromane.ro\/?post_type=html-block&#038;p=13"},"modified":"2024-01-24T14:59:12","modified_gmt":"2024-01-24T14:59:12","slug":"sectiune_activitati","status":"publish","type":"html-block","link":"https:\/\/gradinileromane.ro\/en\/html-block\/sectiune_activitati\/","title":{"rendered":"sec\u021biune_activit\u0103\u021bi"},"content":{"rendered":"<section class=\"container\">\r\n    <div class=\"swiper swiper_activitati\">\r\n        <div class=\"swiper-wrapper\">\r\n            <div class=\"swiper-slide grid gap-2.5 md:grid-cols-5\">\r\n                <div class=\"h-64 bg-cover bg-center rounded-2xl md:h-full md:col-span-2\" style=\"background-image: url('\/wp-content\/uploads\/plimbari-cu-barca.webp')\"><\/div>\r\n                <div class=\"bg-black\/20 p-7 rounded-2xl sm:p-8 md:col-span-3\">\r\n                    <span class=\"text-xs text-primary font-medium tracking-widest uppercase flex mb-0.5\">activities<\/span>\r\n                    <h4 class=\"text-2xl text-slate-200 leading-7 mb-2.5\">Boat trips<\/h4>\r\n                    <p class=\"mb-10\">Lake Bicaz is the largest artificial lake in Romania, with an impressive surface of 31 square kilometers and an impressive length of 40 kilometers. Experiencing a boat ride on these waters means not only exploring the vastness of the lake, but also connecting with the unspoiled beauty of the surrounding forests, the majesty of Mount Ceahl\u0103u and the rich mosaic of stories and traditions of this region.<\/p>\r\n\t\t\t\t\t<a class=\"h-[34px] flex items-center space-x-2 group\" href=\"\/en\/activitati\/\">\r\n\t\t\t\t\t\t<span class=\"text-slate-300 font-medium transition-all group-hover:text-primary\">toate activit\u0103\u021bile<\/span>\r\n\t\t\t\t\t\t<svg xmlns=\"http:\/\/www.w3.org\/2000\/svg\" fill=\"none\" viewbox=\"0 0 24 24\" stroke-width=\"1.5\" stroke=\"currentColor\" class=\"w-5 h-5 text-primary pt-0.5\"><path stroke-linecap=\"round\" stroke-linejoin=\"round\" d=\"M17.25 8.25 21 12m0 0-3.75 3.75M21 12H3\" \/><\/svg>\r\n\t\t\t\t\t<\/a>\r\n                <\/div>\r\n            <\/div>\r\n\t\t\t<div class=\"swiper-slide grid gap-2.5 md:grid-cols-5\">\r\n                <div class=\"h-64 bg-cover bg-center rounded-2xl md:h-full md:col-span-2\" style=\"background-image: url('\/wp-content\/uploads\/Vizita-la-Muzeul-Nicolae-Popa.webp')\"><\/div>\r\n                <div class=\"bg-black\/20 p-7 rounded-2xl sm:p-8 md:col-span-3\">\r\n                    <span class=\"text-xs text-primary font-medium tracking-widest uppercase flex mb-0.5\">attractions<\/span>\r\n                    <h4 class=\"text-2xl text-slate-200 leading-7 mb-2.5\">Nicolae Popa Museum<\/h4>\r\n                    <p class=\"mb-10\">More than a museum. An exhibition and creative space, established by the popular creator Neculai Popa, but also a tourist destination for the many visitors (Romanians or foreigners) who end up traveling through the Neam\u021bu Region. Here your eyes will be delighted by the naive sculpture works created by Neculai Popa or the masks sewn by his wife Elena Popa, an exhibition of Romanian naive painting and a private collection.<\/p>\r\n\t\t\t\t\t<div class=\"flex justify-between\">\r\n\t\t\t\t\t\t<a class=\"flex items-center space-x-2 group\" href=\"\/en\/atractii\/\">\r\n\t\t\t\t\t\t\t<span class=\"text-slate-300 font-medium transition-all group-hover:text-primary\">toate atrac\u021biile<\/span>\r\n\t\t\t\t\t\t\t<svg xmlns=\"http:\/\/www.w3.org\/2000\/svg\" fill=\"none\" viewbox=\"0 0 24 24\" stroke-width=\"1.5\" stroke=\"currentColor\" class=\"w-5 h-5 text-primary pt-0.5\"><path stroke-linecap=\"round\" stroke-linejoin=\"round\" d=\"M17.25 8.25 21 12m0 0-3.75 3.75M21 12H3\" \/><\/svg>\r\n\t\t\t\t\t\t<\/a>\r\n\t\t\t\t\t\t<a class=\"w-8 h-8 bg-blue-600 flex justify-center items-center rounded-full transition-all hover:ring hover:ring-blue-600\/20 sm:w-auto sm:h-auto sm:pt-1.5 sm:px-5 sm:pb-2 sm:space-x-1 xl:w-8 xl:h-8 xl:p-0 2xl:w-auto 2xl:h-auto 2xl:pt-1.5 2xl:px-5 2xl:pb-2\" target=\"_blank\" href=\"https:\/\/www.google.com\/maps\/dir\/\/T%C3%A2rpe%C8%99ti+617317\/@47.1405121,25.8657069,10z\/data=!4m9!4m8!1m0!1m5!1m1!1s0x47354898b4053afd:0x161e54f3698845dd!2m2!1d26.4299081!2d47.1545183!3e0?entry=ttu\" rel=\"noopener\">\r\n\t\t\t\t\t\t\t<svg xmlns=\"http:\/\/www.w3.org\/2000\/svg\" fill=\"none\" viewbox=\"0 0 24 24\" stroke-width=\"1.5\" stroke=\"currentColor\" class=\"w-4 h-4 text-white mb-0.5 -rotate-45\"><path stroke-linecap=\"round\" stroke-linejoin=\"round\" d=\"M6 12L3.269 3.126A59.768 59.768 0 0121.485 12 59.77 59.77 0 013.27 20.876L5.999 12zm0 0h7.5\"><\/path><\/svg>\r\n\t\t\t\t\t\t\t<span class=\"hidden sm:text-blue-100 sm:text-sm sm:font-medium sm:flex xl:hidden 2xl:flex\">get directions<\/span>\r\n\t\t\t\t\t\t<\/a>\r\n\t\t\t\t\t<\/div>\r\n                <\/div>\r\n            <\/div>\r\n\t\t\t<div class=\"swiper-slide grid gap-2.5 md:grid-cols-5\">\r\n                <div class=\"h-64 bg-cover bg-center rounded-2xl md:h-full md:col-span-2\" style=\"background-image: url('\/wp-content\/uploads\/romantic-escape.webp')\"><\/div>\r\n                <div class=\"bg-black\/20 p-7 rounded-2xl sm:p-8 md:col-span-3\">\r\n                    <span class=\"text-xs text-primary font-medium tracking-widest uppercase flex mb-0.5\">activities<\/span>\r\n                    <h4 class=\"text-2xl text-slate-200 leading-7 mb-2.5\">Romantic escape<\/h4>\r\n                    <p class=\"mb-10\">Let's escape to a place just for us and for us, where time seems to slow down and the magic of the sunset is masterfully reflected in the calm waters of Lake Bicaz. A boat ride thus becomes an intimate journey in search of the perfect moment, when the sun says goodbye in spectacular colors and the view becomes a living painting of our love. In this romantic odyssey, we will savor every moment, letting the noise of the world fade away.<\/p>\r\n\t\t\t\t\t<a class=\"h-[34px] flex items-center space-x-2 group\" href=\"\/en\/activitati\/\">\r\n\t\t\t\t\t\t<span class=\"text-slate-300 font-medium transition-all group-hover:text-primary\">toate activit\u0103\u021bile<\/span>\r\n\t\t\t\t\t\t<svg xmlns=\"http:\/\/www.w3.org\/2000\/svg\" fill=\"none\" viewbox=\"0 0 24 24\" stroke-width=\"1.5\" stroke=\"currentColor\" class=\"w-5 h-5 text-primary pt-0.5\"><path stroke-linecap=\"round\" stroke-linejoin=\"round\" d=\"M17.25 8.25 21 12m0 0-3.75 3.75M21 12H3\" \/><\/svg>\r\n\t\t\t\t\t<\/a>\r\n                <\/div>\r\n            <\/div>\r\n\t\t\t<div class=\"swiper-slide grid gap-2.5 md:grid-cols-5\">\r\n                <div class=\"h-64 bg-cover bg-center rounded-2xl md:h-full md:col-span-2\" style=\"background-image: url('\/wp-content\/uploads\/Vizita-la-Cetatea-Neamt.webp')\"><\/div>\r\n                <div class=\"bg-black\/20 p-7 rounded-2xl sm:p-8 md:col-span-3\">\r\n                    <span class=\"text-xs text-primary font-medium tracking-widest uppercase flex mb-0.5\">attractions<\/span>\r\n                    <h4 class=\"text-2xl text-slate-200 leading-7 mb-2.5\">The Neamt Fortress<\/h4>\r\n                    <p class=\"mb-10\">Located close to the highest peak of Culmia Ple\u0219ului, the citadel is part of the category of medieval monuments of exceptional value in Romania. The strategic position that it benefited from and its presence in the significant events that this part of the country experienced proves that Neamtului Citadel was one of the best-fortified fortresses that the medieval Moldavian state had.<\/p>\r\n\t\t\t\t\t<div class=\"flex justify-between\">\r\n\t\t\t\t\t\t<a class=\"flex items-center space-x-2 group\" href=\"\/en\/atractii\/\">\r\n\t\t\t\t\t\t\t<span class=\"text-slate-300 font-medium transition-all group-hover:text-primary\">toate atrac\u021biile<\/span>\r\n\t\t\t\t\t\t\t<svg xmlns=\"http:\/\/www.w3.org\/2000\/svg\" fill=\"none\" viewbox=\"0 0 24 24\" stroke-width=\"1.5\" stroke=\"currentColor\" class=\"w-5 h-5 text-primary pt-0.5\"><path stroke-linecap=\"round\" stroke-linejoin=\"round\" d=\"M17.25 8.25 21 12m0 0-3.75 3.75M21 12H3\" \/><\/svg>\r\n\t\t\t\t\t\t<\/a>\r\n\t\t\t\t\t\t<a class=\"w-8 h-8 bg-blue-600 flex justify-center items-center rounded-full transition-all hover:ring hover:ring-blue-600\/20 sm:w-auto sm:h-auto sm:pt-1.5 sm:px-5 sm:pb-2 sm:space-x-1 xl:w-8 xl:h-8 xl:p-0 2xl:w-auto 2xl:h-auto 2xl:pt-1.5 2xl:px-5 2xl:pb-2\" target=\"_blank\" href=\"https:\/\/www.google.com\/maps\/dir\/\/Cetatea+Neam%C8%9B,+Cetatea+Neam%C8%9Bului,+Strada+Cet%C4%83%C5%A3ii,+T%C3%A2rgu+Neam%C8%9B\/@47.1405121,25.8657069,10z\/data=!4m9!4m8!1m0!1m5!1m1!1s0x473540ca1ac158d7:0xa509c23172602b37!2m2!1d26.3434391!2d47.214706!3e0?entry=ttu\" rel=\"noopener\">\r\n\t\t\t\t\t\t\t<svg xmlns=\"http:\/\/www.w3.org\/2000\/svg\" fill=\"none\" viewbox=\"0 0 24 24\" stroke-width=\"1.5\" stroke=\"currentColor\" class=\"w-4 h-4 text-white mb-0.5 -rotate-45\"><path stroke-linecap=\"round\" stroke-linejoin=\"round\" d=\"M6 12L3.269 3.126A59.768 59.768 0 0121.485 12 59.77 59.77 0 013.27 20.876L5.999 12zm0 0h7.5\"><\/path><\/svg>\r\n\t\t\t\t\t\t\t<span class=\"hidden sm:text-blue-100 sm:text-sm sm:font-medium sm:flex xl:hidden 2xl:flex\">get directions<\/span>\r\n\t\t\t\t\t\t<\/a>\r\n\t\t\t\t\t<\/div>\r\n                <\/div>\r\n            <\/div>\r\n\t\t\t<div class=\"swiper-slide grid gap-2.5 md:grid-cols-5\">\r\n                <div class=\"h-64 bg-cover bg-center rounded-2xl md:h-full md:col-span-2\" style=\"background-image: url('\/wp-content\/uploads\/echitatie.webp')\"><\/div>\r\n                <div class=\"bg-black\/20 p-7 rounded-2xl sm:p-8 md:col-span-3\">\r\n                    <span class=\"text-xs text-primary font-medium tracking-widest uppercase flex mb-0.5\">activities<\/span>\r\n                    <h4 class=\"text-2xl text-slate-200 leading-7 mb-2.5\">Horse riding<\/h4>\r\n                    <p class=\"mb-10\">Walking in nature is a sensational experience and the more you ride, the more your body learns to move with the horse. The road from beginner to advanced rider is long, but it is interspersed with many moments of personal victories and extraordinary communication with horses. You'll develop your coordination, boost your confidence, get your mind going and relax you completely. <\/p>\r\n\t\t\t\t\t<a class=\"h-[34px] flex items-center space-x-2 group\" href=\"\/en\/activitati\/\">\r\n\t\t\t\t\t\t<span class=\"text-slate-300 font-medium transition-all group-hover:text-primary\">toate activit\u0103\u021bile<\/span>\r\n\t\t\t\t\t\t<svg xmlns=\"http:\/\/www.w3.org\/2000\/svg\" fill=\"none\" viewbox=\"0 0 24 24\" stroke-width=\"1.5\" stroke=\"currentColor\" class=\"w-5 h-5 text-primary pt-0.5\"><path stroke-linecap=\"round\" stroke-linejoin=\"round\" d=\"M17.25 8.25 21 12m0 0-3.75 3.75M21 12H3\" \/><\/svg>\r\n\t\t\t\t\t<\/a>\r\n                <\/div>\r\n            <\/div>\r\n\t\t\t<div class=\"swiper-slide grid gap-2.5 md:grid-cols-5\">\r\n                <div class=\"h-64 bg-cover bg-center rounded-2xl md:h-full md:col-span-2\" style=\"background-image: url('\/wp-content\/uploads\/Turism-religios.webp')\"><\/div>\r\n                <div class=\"bg-black\/20 p-7 rounded-2xl sm:p-8 md:col-span-3\">\r\n                    <span class=\"text-xs text-primary font-medium tracking-widest uppercase flex mb-0.5\">attractions<\/span>\r\n                    <h4 class=\"text-2xl text-slate-200 leading-7 mb-2.5\">Petru Vod\u0103 Monastery<\/h4>\r\n                    <p class=\"mb-10\">The Petru Vod\u0103 Monastery in Neam\u021b County is a place of worship as beautiful as it is interesting, located in Poiana Teiului commune, Poiana Largului village. Father Iustin P\u00e2rvu was considered one of the greatest clergymen of our country, a saint of communist prisons, a man who dedicated his whole life to faith in God and a great lover of the Romanian nation.<\/p>\r\n\t\t\t\t\t<div class=\"flex justify-between\">\r\n\t\t\t\t\t\t<a class=\"flex items-center space-x-2 group\" href=\"\/en\/atractii\/\">\r\n\t\t\t\t\t\t\t<span class=\"text-slate-300 font-medium transition-all group-hover:text-primary\">toate atrac\u021biile<\/span>\r\n\t\t\t\t\t\t\t<svg xmlns=\"http:\/\/www.w3.org\/2000\/svg\" fill=\"none\" viewbox=\"0 0 24 24\" stroke-width=\"1.5\" stroke=\"currentColor\" class=\"w-5 h-5 text-primary pt-0.5\"><path stroke-linecap=\"round\" stroke-linejoin=\"round\" d=\"M17.25 8.25 21 12m0 0-3.75 3.75M21 12H3\" \/><\/svg>\r\n\t\t\t\t\t\t<\/a>\r\n\t\t\t\t\t\t<a class=\"w-8 h-8 bg-blue-600 flex justify-center items-center rounded-full transition-all hover:ring hover:ring-blue-600\/20 sm:w-auto sm:h-auto sm:pt-1.5 sm:px-5 sm:pb-2 sm:space-x-1 xl:w-8 xl:h-8 xl:p-0 2xl:w-auto 2xl:h-auto 2xl:pt-1.5 2xl:px-5 2xl:pb-2\" target=\"_blank\" href=\"https:\/\/www.google.com\/maps\/dir\/\/M%C4%83n%C4%83stirea+Petru+Vod%C4%83,+Strada+Iustin+P%C3%AErvu,+Petru+Vod%C4%83\/@46.9741597,26.1135776,12z\/data=!4m9!4m8!1m0!1m5!1m1!1s0x47356f9760f3aa1b:0x81b10edea010ba84!2m2!1d25.9641974!2d47.1784654!3e0?entry=ttu\" rel=\"noopener\">\r\n\t\t\t\t\t\t\t<svg xmlns=\"http:\/\/www.w3.org\/2000\/svg\" fill=\"none\" viewbox=\"0 0 24 24\" stroke-width=\"1.5\" stroke=\"currentColor\" class=\"w-4 h-4 text-white mb-0.5 -rotate-45\"><path stroke-linecap=\"round\" stroke-linejoin=\"round\" d=\"M6 12L3.269 3.126A59.768 59.768 0 0121.485 12 59.77 59.77 0 013.27 20.876L5.999 12zm0 0h7.5\"><\/path><\/svg>\r\n\t\t\t\t\t\t\t<span class=\"hidden sm:text-blue-100 sm:text-sm sm:font-medium sm:flex xl:hidden 2xl:flex\">get directions<\/span>\r\n\t\t\t\t\t\t<\/a>\r\n\t\t\t\t\t<\/div>\r\n                <\/div>\r\n            <\/div>\r\n        <\/div>\r\n\t\t<div class=\"swiper-pagination mt-10 relative sm:mt-14\"><\/div>\r\n        <svg class=\"hidden fill-slate-300 mt-7 mb-1 mx-auto animate-pulse sm:mt-10\" xmlns=\"http:\/\/www.w3.org\/2000\/svg\" width=\"22\" height=\"24\" viewbox=\"0 0 22 29.9\" style=\"enable-background:new 0 0 22 29.9\"><path d=\"M.2 20.2c.1.3 2.4 6.8 5.1 9.5.2.2.3.2.6.2.2 0 .4-.1.6-.2.3-.3.3-.8 0-1.1C4 26.2 1.8 20 1.7 19.7c-.2-.6-.2-1.3.1-1.4.2-.1.3-.2.5-.1.2 0 .4.2.5.4l2.4 4.1c.2.3.5.5.9.4.3-.1.6-.4.6-.8v-13c0-.5.4-.8.8-.8.5 0 .8.4.8.8v9.1c0 .5.3.8.8.8s.8-.3.8-.8v-3.9c0-.5.4-.8.8-.8s.8.4.8.8v4.2c0 .5.3.8.8.8s.8-.3.8-.8v-3.1c0-.5.4-.8.8-.8s.8.4.8.8v3.2c0 .5.3.8.8.8s.8-.3.8-.8v-1.6c0-.5.4-.8.8-.8.5 0 .8.6.9.9 0 .8.4 8-.9 11.3-.2.4 0 .9.5 1 .1 0 .2.1.3.1.3 0 .6-.2.7-.5 1.6-3.8 1.1-11.8 1.1-12.1V17c-.3-1.4-1.3-2.3-2.4-2.3-.3 0-.7.1-1 .2-.3-1-1.3-1.7-2.3-1.7-.4 0-.8.1-1.1.3-.4-.8-1.2-1.3-2.2-1.3-.3 0-.6 0-.8.2v-3c.1-1.4-1-2.5-2.3-2.5S5.1 8 5.1 9.3v10.2L4.3 18c-.3-.6-.8-1-1.5-1.2-.6-.2-1.3 0-1.8.3-1 .5-1.2 1.7-.8 3.1zM6.3 2.5c-.2-.4-.1-.9.3-1.1l2-1.3c.4-.2.9-.1 1.1.3.3.4.1.9-.2 1.1l-.5.2c4.6 1 8.8 2.7 12.7 5.2.4.2.5.7.2 1.1-.2.2-.4.3-.7.3-.2 0-.3 0-.4-.1-3.6-2.4-7.7-4.1-12.1-5l.3.6c.2.4.1.9-.3 1.1-.1.1-.3.1-.4.1-.3 0-.5-.1-.7-.4L6.3 2.5z\"><\/path><\/svg>\r\n        <div class=\"swiper-button-prev text-primary mt-auto h-8 bg-black\/20 absolute bottom-0 px-7 rounded-r-lg rounded-l-3xl transition-all hover:bg-black\/30\"><\/div>\r\n        <div class=\"swiper-button-next text-primary mt-auto h-8 bg-black\/20 absolute bottom-0 px-7 rounded-l-lg rounded-r-3xl transition-all hover:bg-black\/30\"><\/div>\r\n    <\/div>\r\n<\/section>","protected":false},"template":"","class_list":["post-13","html-block","type-html-block","status-publish","hentry"],"yoast_head":"<!-- This site is optimized with the Yoast SEO plugin v25.5 - https:\/\/yoast.com\/wordpress\/plugins\/seo\/ -->\n<title>sec\u021biune_activit\u0103\u021bi - Gr\u0103dinile Romane<\/title>\n<meta name=\"robots\" content=\"index, follow, max-snippet:-1, max-image-preview:large, max-video-preview:-1\" \/>\n<link rel=\"canonical\" href=\"https:\/\/gradinileromane.ro\/en\/html-block\/sectiune_activitati\/\" \/>\n<meta property=\"og:locale\" content=\"en_US\" \/>\n<meta property=\"og:type\" content=\"article\" \/>\n<meta property=\"og:title\" content=\"sec\u021biune_activit\u0103\u021bi - Gr\u0103dinile Romane\" \/>\n<meta property=\"og:description\" content=\"activit\u0103\u021bi Plimb\u0103ri cu barca Lacul Bicaz reprezint\u0103 cel mai extins lac artificial din Rom\u00e2nia, cu o suprafa\u021b\u0103 impun\u0103toare de 31 de kilometri p\u0103tra\u021bi \u0219i o lungime impresionant\u0103 de 40 de kilometri. Experimentarea unei plimb\u0103ri cu barca pe aceste ape \u00eenseamn\u0103 nu doar a explora vastitatea lacului, ci \u0219i a te conecta cu frumuse\u021bea nealterat\u0103 a [&hellip;]\" \/>\n<meta property=\"og:url\" content=\"https:\/\/gradinileromane.ro\/en\/html-block\/sectiune_activitati\/\" \/>\n<meta property=\"og:site_name\" content=\"Gr\u0103dinile Romane\" \/>\n<meta property=\"article:modified_time\" content=\"2024-01-24T14:59:12+00:00\" \/>\n<meta name=\"twitter:card\" content=\"summary_large_image\" \/>\n<meta name=\"twitter:label1\" content=\"Est. reading time\" \/>\n\t<meta name=\"twitter:data1\" content=\"3 minutes\" \/>\n<script type=\"application\/ld+json\" class=\"yoast-schema-graph\">{\"@context\":\"https:\/\/schema.org\",\"@graph\":[{\"@type\":\"WebPage\",\"@id\":\"https:\/\/gradinileromane.ro\/html-block\/sectiune_activitati\/\",\"url\":\"https:\/\/gradinileromane.ro\/html-block\/sectiune_activitati\/\",\"name\":\"sec\u021biune_activit\u0103\u021bi - Gr\u0103dinile Romane\",\"isPartOf\":{\"@id\":\"https:\/\/gradinileromane.ro\/#website\"},\"datePublished\":\"2023-11-30T17:44:05+00:00\",\"dateModified\":\"2024-01-24T14:59:12+00:00\",\"breadcrumb\":{\"@id\":\"https:\/\/gradinileromane.ro\/html-block\/sectiune_activitati\/#breadcrumb\"},\"inLanguage\":\"en\",\"potentialAction\":[{\"@type\":\"ReadAction\",\"target\":[\"https:\/\/gradinileromane.ro\/html-block\/sectiune_activitati\/\"]}]},{\"@type\":\"BreadcrumbList\",\"@id\":\"https:\/\/gradinileromane.ro\/html-block\/sectiune_activitati\/#breadcrumb\",\"itemListElement\":[{\"@type\":\"ListItem\",\"position\":1,\"name\":\"Prima pagin\u0103\",\"item\":\"https:\/\/gradinileromane.ro\/\"},{\"@type\":\"ListItem\",\"position\":2,\"name\":\"sec\u021biune_activit\u0103\u021bi\"}]},{\"@type\":\"WebSite\",\"@id\":\"https:\/\/gradinileromane.ro\/#website\",\"url\":\"https:\/\/gradinileromane.ro\/\",\"name\":\"Gr\u0103dinile Romane\",\"description\":\"Locul unde relaxarea devine art\u0103\",\"potentialAction\":[{\"@type\":\"SearchAction\",\"target\":{\"@type\":\"EntryPoint\",\"urlTemplate\":\"https:\/\/gradinileromane.ro\/?s={search_term_string}\"},\"query-input\":{\"@type\":\"PropertyValueSpecification\",\"valueRequired\":true,\"valueName\":\"search_term_string\"}}],\"inLanguage\":\"en\"}]}<\/script>\n<!-- \/ Yoast SEO plugin. -->","yoast_head_json":{"title":"sec\u021biune_activit\u0103\u021bi - Gr\u0103dinile Romane","robots":{"index":"index","follow":"follow","max-snippet":"max-snippet:-1","max-image-preview":"max-image-preview:large","max-video-preview":"max-video-preview:-1"},"canonical":"https:\/\/gradinileromane.ro\/en\/html-block\/sectiune_activitati\/","og_locale":"en_US","og_type":"article","og_title":"sec\u021biune_activit\u0103\u021bi - Gr\u0103dinile Romane","og_description":"activit\u0103\u021bi Plimb\u0103ri cu barca Lacul Bicaz reprezint\u0103 cel mai extins lac artificial din Rom\u00e2nia, cu o suprafa\u021b\u0103 impun\u0103toare de 31 de kilometri p\u0103tra\u021bi \u0219i o lungime impresionant\u0103 de 40 de kilometri. Experimentarea unei plimb\u0103ri cu barca pe aceste ape \u00eenseamn\u0103 nu doar a explora vastitatea lacului, ci \u0219i a te conecta cu frumuse\u021bea nealterat\u0103 a [&hellip;]","og_url":"https:\/\/gradinileromane.ro\/en\/html-block\/sectiune_activitati\/","og_site_name":"Gr\u0103dinile Romane","article_modified_time":"2024-01-24T14:59:12+00:00","twitter_card":"summary_large_image","twitter_misc":{"Est. reading time":"3 minutes"},"schema":{"@context":"https:\/\/schema.org","@graph":[{"@type":"WebPage","@id":"https:\/\/gradinileromane.ro\/html-block\/sectiune_activitati\/","url":"https:\/\/gradinileromane.ro\/html-block\/sectiune_activitati\/","name":"sec\u021biune_activit\u0103\u021bi - Gr\u0103dinile Romane","isPartOf":{"@id":"https:\/\/gradinileromane.ro\/#website"},"datePublished":"2023-11-30T17:44:05+00:00","dateModified":"2024-01-24T14:59:12+00:00","breadcrumb":{"@id":"https:\/\/gradinileromane.ro\/html-block\/sectiune_activitati\/#breadcrumb"},"inLanguage":"en","potentialAction":[{"@type":"ReadAction","target":["https:\/\/gradinileromane.ro\/html-block\/sectiune_activitati\/"]}]},{"@type":"BreadcrumbList","@id":"https:\/\/gradinileromane.ro\/html-block\/sectiune_activitati\/#breadcrumb","itemListElement":[{"@type":"ListItem","position":1,"name":"Prima pagin\u0103","item":"https:\/\/gradinileromane.ro\/"},{"@type":"ListItem","position":2,"name":"sec\u021biune_activit\u0103\u021bi"}]},{"@type":"WebSite","@id":"https:\/\/gradinileromane.ro\/#website","url":"https:\/\/gradinileromane.ro\/","name":"Gr\u0103dinile Romane","description":"Locul unde relaxarea devine art\u0103","potentialAction":[{"@type":"SearchAction","target":{"@type":"EntryPoint","urlTemplate":"https:\/\/gradinileromane.ro\/?s={search_term_string}"},"query-input":{"@type":"PropertyValueSpecification","valueRequired":true,"valueName":"search_term_string"}}],"inLanguage":"en"}]}},"_links":{"self":[{"href":"https:\/\/gradinileromane.ro\/en\/wp-json\/wp\/v2\/html-block\/13","targetHints":{"allow":["GET"]}}],"collection":[{"href":"https:\/\/gradinileromane.ro\/en\/wp-json\/wp\/v2\/html-block"}],"about":[{"href":"https:\/\/gradinileromane.ro\/en\/wp-json\/wp\/v2\/types\/html-block"}],"wp:attachment":[{"href":"https:\/\/gradinileromane.ro\/en\/wp-json\/wp\/v2\/media?parent=13"}],"curies":[{"name":"wp","href":"https:\/\/api.w.org\/{rel}","templated":true}]}}