{"id":21,"date":"2023-11-30T17:54:16","date_gmt":"2023-11-30T17:54:16","guid":{"rendered":"https:\/\/gradinileromane.ro\/?page_id=21"},"modified":"2024-01-30T10:37:42","modified_gmt":"2024-01-30T10:37:42","slug":"prelucrarea-datelor-cu-caracter-personal","status":"publish","type":"page","link":"https:\/\/gradinileromane.ro\/en\/prelucrarea-datelor-cu-caracter-personal\/","title":{"rendered":"Processing of personal data"},"content":{"rendered":"<section class=\"container mb-10\" data-aos=\"fade-up\">\r\n    <div class=\"h-[300px] flex justify-center items-center relative overflow-hidden rounded-3xl lg:h-[400px] xl:h-[500px]\">\r\n\t\t<div class=\"relative p-10 z-10\" data-aos=\"fade-up\" data-aos-duration=\"2000\">\r\n\t\t\t<span class=\"text-xs text-primary font-medium tracking-widest uppercase flex justify-center mb-1 md:mb-3\">gr\u0103dinile rom\u00e2ne<\/span>\r\n\t\t\t<h1 class=\"text-4xl text-slate-200 font-kalnia tracking-tight text-center mx-auto mb-2.5 md:text-6xl md:mb-5 xl:text-7xl\">gdpr<\/h1>\r\n\t\t\t<p class=\"max-w-xs text-slate-300 text-center mx-auto md:max-w-lg xl:max-w-2xl xl:text-lg\">Gr\u0103dinile Romane colecteaz\u0103, pe baza furniz\u0103rii voluntare a persoanei vizate, date cu caracter personal iar tipurile de date colectate depind de natura modului \u00een care vizitatorul site-ului dore\u0219te s\u0103 interac\u021bioneze cu site-ul.<\/p>\r\n\t\t<\/div>\r\n        <video class=\"video-background w-full h-full absolute top-0 left-0 -z-50\" loop no-controls muted autoplay src=\"https:\/\/gradinileromane.ro\/new\/wp-content\/uploads\/acasa.mp4\" poster=\"\"><\/video>\r\n        <div class=\"w-full h-full bg-gradient-to-t from-[#001b26] via-[#001b26]\/80 absolute left-0 bottom-0 rounded-2xl\"><\/div>\r\n    <\/div>\r\n<\/section>\r\n\r\n<section class=\"container\" data-aos=\"fade-up\">\r\n\t<div class=\"flex flex-col space-y-10 xl:flex-row xl:space-x-10 xl:space-y-0\">\r\n\t\t<div class=\"w-full bg-black\/20 p-7 rounded-2xl sm:p-10\">\r\n\t\t\t<span class=\"text-xs text-primary font-medium tracking-widest uppercase flex mb-1\">gr\u0103dinileromane.ro<\/span>\r\n\t\t\t<h3 class=\"text-2xl text-slate-200 leading-7 mb-2.5 sm:text-3xl sm:leading-8 sm:mb-3\">Processing of personal data<\/h3>\r\n\t\t\t<p class=\"mb-3\">Gr\u0103dinile Romane, localizat\u0103 \u00een Str. Debarcaderului nr. 70, Sat Chiri\u021beni, Comuna Hangu, jude\u021bul Neam\u021b, administrat\u0103 de societatea SC Crystal Deea SRL, persoan\u0103 juridic\u0103 organizat\u0103 \u00een conformitate cu legisla\u021bia aplicabil\u0103, av\u00e2nd sediul \u00een Piatra Neam\u021b, str. General D\u0103sc\u0103lescu nr. 11, av\u00e2nd nr. de \u00eenregistrare \u00een Registrul Comer\u021bului J27\/990\/2008 \u0219i RO 24128385. Operatorul SC Crystal Deea SRL poate fi contactat prin e-mail: <a class=\"text-slate-300 font-medium transition-all hover:text-primary\" href=\"mailto:gradinileromane@gmail.com\">gradinileromane@gmail.com<\/a> \u0219i\/sau la telefonul 0752804617.<\/p>\r\n\t\t\t<p class=\"mb-3\">Gr\u0103dinile Romane colecteaz\u0103, pe baza furniz\u0103rii voluntare a persoanei vizate, date cu caracter personal iar tipurile de date colectate depind de natura modului \u00een care vizitatorul site-ului dore\u0219te s\u0103 interac\u021bioneze cu site-ul. Astfel, pentru completarea formularelor pentru solicitarea unei oferte \u0219i a formularului de contact, se colecteaz\u0103 numele \u0219i prenumele, adresa de e-mail, num\u0103rul de telefon (op\u021bional). Datele furnizate voluntar de persoana interesat\u0103 de serviciile Gr\u0103dinile Romane sunt utilizate pentru contactarea pe e-mail sau, dup\u0103 caz, telefonic\u0103, cu privire la oferta solicitat\u0103 pentru care persoana vizat\u0103 \u0219i-a manifestat interesul. \u00cen scop de marketing, se colecteaz\u0103 numele, prenumele \u0219i adresa de e-mail.<\/p>\r\n\t\t\t<p class=\"mb-10\">Gr\u0103dinile Romane poate s\u0103 colecteze involuntar \u0219i alte date ce nu conduc la identificarea unic\u0103 a persoanei vizate (ora vizitei, locul de unde se face accesul, nume \u0219i versiune browser internet, sistem de operare, inclusiv al\u021bi parametri tehnici) furnizate de c\u0103tre browserul internet prin intermediul c\u0103ruia se face accesul la site \u0219i pot fi folosite de c\u0103tre Gr\u0103dinile Romane pentru a \u00eembun\u0103t\u0103\u021bi serviciile oferite clien\u021bilor s\u0103i. De asemenea, poate colecta involuntar \u0219i alte informa\u021bii care ar putea conduce la identificarea vizitatorilor www.gradinileromane.ro, precum adresa IP. Astfel de informa\u021bii nu vor fi \u00eens\u0103 utilizate pentru a identifica vizitatorii site-ului \u0219i nu vor fi f\u0103cute publice, altfel dec\u00e2t \u00een condi\u021biile descrise \u00een prezenta politic\u0103 de confiden\u021bialitate.<\/p>\r\n\t\t\t<span class=\"text-xs text-primary font-medium tracking-widest uppercase flex mb-1\">prelucrarea datelor de operator (scopuri \u0219i temeiuri legale)<\/span>\r\n\t\t\t<p class=\"mb-3\">Gr\u0103dinile Romane prelucreaz\u0103 datele cu caracter personal furnizate prin intermediul www.gradinileromane.ro, \u00een urm\u0103toarele scopuri \u0219i temeiuri legale:<\/p>\r\n\t\t\t<p>* \u00een baza consim\u021b\u0103m\u00e2ntului utilizatorului site-ului, pentru contactarea acestuia, spre a oferi informa\u021bii privind activit\u0103\u021bile Gr\u0103dinile Romane sau serviciile oferite, la cererea sa voluntar\u0103 (de exemplu, prin completarea formularului de contact sau a celui privind solicitarea unei oferte pentru traininguri\/cursuri);<\/p>\r\n\t\t\t<p>* \u00een baza consim\u021b\u0103m\u00e2ntului expres al utilizatorului site-ului \u00een scopuri de marketing, pentru trimiterea de newslettere, \u00een format exclusiv electronic;<\/p>\r\n\t\t\t<p class=\"mb-3\">* \u00een interes legitim, datele personale colectate involuntar, pentru a \u00een\u021belege nevoile \u0219i a\u0219tept\u0103rile clien\u021bilor no\u0219tri \u0219i pentru a ne \u00eembun\u0103t\u0103\u021bi serviciile oferite.<\/p>\r\n\t\t\t<p class=\"mb-3\">Prin completarea formularelor disponibile pe site-ul www.gradinileromane.ro sau a inser\u0103rii adresei de e-mail pentru comunic\u0103ri de marketing ori a oferirii consim\u021b\u0103m\u00e2ntului \u00een scopuri de marketing pe orice material pus la dispozi\u021bie de Gr\u0103dinile Romane, fiecare utilizator sau, dup\u0103 caz, client, \u0219i-a exprimat consim\u021b\u0103m\u00e2ntul ca Gr\u0103dinile Romane s\u0103 prelucreze datele acestuia cu caracter personal, \u00een conformitate cu scopurile declarate \u00een prezenta Politica de Confiden\u021bialitate, cu respectarea prevederilor Regulamentului nr. 679 din 27 aprilie 2016 privind protec\u021bia persoanelor fizice \u00een ceea ce prive\u0219te prelucrarea datelor cu caracter personal \u0219i privind libera circula\u021bie a acestor date \u0219i de abrogare a Directivei 95\/46\/CE (Regulamentul general privind protec\u021bia datelor) \u0219i cu a prevederilor na\u021bionale \u00een vigoare;<\/p>\r\n\t\t\t<p class=\"mb-3\">\u00cen prelucrarea datelor cu caracter personal, Gr\u0103dinile Romane va ac\u021biona \u00een mod legal, echitabil \u0219i transparent. Prelucrarea datelor se realizeaz\u0103 \u00een scopuri determinate, explicite \u0219i legitime. Procesarea datelor este adecvat\u0103 \u0219i limitat\u0103, doar \u00een raport de necesitatea realiz\u0103rii scopului pentru care acestea au fost colectate. Datele cu caracter personale vor fi re\u021binute doar pe perioada de timp necesar\u0103 \u00eendeplinirii scopurilor pentru care sunt procesate, iar prelucrarea se va realiza de o manier\u0103 adecvat\u0103 pentru asigurarea securit\u0103\u021bii \u0219i integrit\u0103\u021bii datelor. Niciun transfer de date nu se va realiza f\u0103r\u0103 m\u0103suri de precau\u021bie adecvate.<\/p>\r\n\t\t\t<p class=\"mb-3\">Pentru asigurarea legalit\u0103\u021bii prelucr\u0103rii datelor cu caracter personal, Gr\u0103dinile Romane \u00ee\u0219i asum\u0103 responsabilitatea implement\u0103rii unor m\u0103suri tehnice \u0219i organizatorice corespunz\u0103toare pentru protec\u021bia \u00eempotriva accesului neautorizat, a utiliz\u0103rii, alter\u0103rii sau distrugerii datelor cu caracter personal conform prevederilor legale interna\u021bionale \u0219i na\u021bionale \u00een materie de protec\u021bie a datelor cu caracter personal.<\/p>\r\n\t\t\t<p class=\"mb-3\">Gr\u0103dinile Romane nu va dezv\u0103lui datele cu caracter personal colectate prin intermediul site-ului www.gradinileromane.ro, cu excep\u021bia angaja\u021bilor autoriza\u021bi sau a persoanelor \u00eemputernicite c\u0103rora aceste date le sunt necesare pentru a le prelucra \u00een numele Gr\u0103dinile Romane (transmitere comunic\u0103ri marketing, furnizor servicii website, furnizor hosting \u0219i \u00eenregistrare domenii) sau \u00een cazul \u00een care obliga\u021bia de dezv\u0103luire reprezint\u0103 o obliga\u021bie legal\u0103 a Gr\u0103dinile Romane sau a angaja\u021bilor acestuia.<\/p>\r\n\t\t\t<p class=\"mb-3\">Orice utilizator al site-ului sau client are, ca persoan\u0103 vizat\u0103, urm\u0103toarele drepturi \u00een raport cu operatorul de date cu caracter personal:<\/p>\r\n\t\t\t<p>* Dreptul de acces \u00eenseamn\u0103 dreptul persoanei vizate de a ob\u021bine o confirmare din partea Gr\u0103dinile Romane c\u0103 sunt prelucrate sau nu datele cu caracter personal care privesc persoana \u00een cauz\u0103 \u0219i, \u00een caz afirmativ, se poate ob\u021bine acces la datele respective \u0219i la informa\u021bii privind modalitatea \u00een care sunt prelucrate datele.<\/p>\r\n\t\t\t<p>* Dreptul la portabilitatea datelor se refer\u0103 la dreptul de a primi datele personale \u00eentr-un format structurat, utilizat \u00een mod curent \u0219i care poate fi citit automat \u0219i la dreptul ca aceste date s\u0103 fie transmise direct altui operator, \u00eens\u0103 doar dac\u0103 acest lucru este fezabil din punct de vedere tehnic.<\/p>\r\n\t\t\t<p>* Dreptul la opozitie vizeaz\u0103 dreptul utilizatorului site-ului sau clientului de a se opune prelucr\u0103rii datelor personale atunci c\u00e2nd prelucrarea este necesar\u0103 pentru \u00eendeplinirea unei sarcini care serve\u0219te unui interes public sau c\u00e2nd are \u00een vedere un interes legitim al operatorului. Atunci c\u00e2nd prelucrarea datelor cu caracter personal are drept scop marketingul direct, persoana vizat\u0103 are cu prec\u0103dere dreptul de a se opune prelucr\u0103rii \u00een orice moment.<\/p>\t\r\n\t\t\t<p>* Dreptul la rectificare se refer\u0103 la corectarea, f\u0103r\u0103 \u00eent\u00e2rzieri nejustificate, a datelor cu caracter personal inexacte. Rectificarea va fi comunicat\u0103 fiec\u0103rui destinatar la care au fost transmise datele, cu excep\u021bia cazului \u00een care acest lucru se dovede\u0219te imposibil sau presupune eforturi dispropor\u021bionate din partea Gr\u0103dinile Romane.<\/p>\r\n\t\t\t<p>* Dreptul la \u0219tergerea datelor (\u201cdreptul de a fi uitat\u201d) \u00eenseamn\u0103 dreptul persoanei vizate de a solicita s\u0103 fie \u0219terse datele cu caracter personal, f\u0103r\u0103 \u00eent\u00e2rzieri nejustificate, \u00een cazul \u00een care se aplic\u0103 unul dintre urm\u0103toarele motive: acestea nu mai sunt necesare pentru \u00eendeplinirea scopurilor pentru care au fost colectate sau prelucrate; persoana \u00een cauz\u0103 decide s\u0103-\u0219i retrag\u0103 consim\u021b\u0103m\u00e2ntul \u0219i nu exist\u0103 niciun alt temei juridic pentru prelucrare; persoana \u00een cauz\u0103 se opune prelucr\u0103rii \u0219i nu exist\u0103 motive legitime care s\u0103 prevaleze; datele cu caracter personal au fost prelucrate ilegal; datele cu caracter personal trebuie \u0219terse pentru respectarea unei obliga\u021bii legale; datele cu caracter personal au fost colectate \u00een leg\u0103tur\u0103 cu oferirea de servicii ale societ\u0103\u021bii informa\u021bionale.<\/p>\r\n\t\t\t<p>* Dreptul la restric\u021bionarea prelucr\u0103rii poate fi exercitat \u00een cazul \u00een care se contest\u0103 exactitatea datelor prelucrate de Gr\u0103dinile Romane, pe o perioad\u0103 care permite verificarea corectitudinii datelor; prelucrarea este ilegal\u0103, iar persoana \u00een cauz\u0103 se opune \u0219tergerii datelor cu caracter personal, solicit\u00e2nd \u00een schimb restric\u021bionarea; \u00een cazul \u00een care Gr\u0103dinile Romane nu mai are nevoie de datele cu caracter personal \u00een scopul prelucr\u0103rii, dar persoana \u00een cauz\u0103 le solicit\u0103 pentru constatarea, exercitarea sau ap\u0103rarea unui drept \u00een instan\u021b\u0103; \u00een cazul \u00een care persoana s-a opus prelucr\u0103rii pentru intervalul de timp \u00een care se verific\u0103 dac\u0103 drepturile legitime ale Gr\u0103dinile Romane prevaleaz\u0103 asupra celor apar\u021bin\u00e2nd persoanei vizate.<\/p>\r\n\t\t\t<p class=\"mb-10\">* Dreptul de a depune o pl\u00e2ngere la Autoritatea Na\u021bional\u0103 de Supraveghere a Prelucr\u0103rii Datelor cu Caracter Personal. Pentru exercitarea drepturilor men\u021bionate mai sus, persoana vizat\u0103 se va adresa Gr\u0103dinile Romane, prin operatorul care administreaz\u0103 loca\u021bia respectiv\u0103, printr-o cerere formulat\u0103 \u00een scris \u0219i transmis\u0103 la sediul social\/punctul de lucru corespunz\u0103tor, sau prin intermediul unui e-mail, transmis la adresa gradinileromane@gmail.com. Transmiterea comunic\u0103rilor de marketing de c\u0103tre Gr\u0103dinile Romane se efectueaz\u0103 prin intermediul platformei \u2018\u2018white image\u2019\u2019, organizat\u0103 \u00een conformitate cu dispozi\u021biile legale \u00een vigoare \u00een materie de protec\u021bie a datelor, inclusiv cu Regulamentul 679\/2016, oferind posibilitatea dezabon\u0103rii \u00een orice moment de la newsletterele transmise de Gr\u0103dinile Romane. Mai multe informa\u021bii despre \u2018\u2018white image\u2019\u2019 pute\u021bi g\u0103si acces\u00e2nd pagina: www.whiteimage.net. Datele cu caracter personale colectate prin intermediul site-ului www.gradinileromane.ro, prelucrate de Gr\u0103dinile Romane, sunt re\u021binute p\u00e2n\u0103 la dezabonarea din Newsletter a persoanei.<\/p>\r\n\t\t\t<span class=\"text-xs text-primary font-medium tracking-widest uppercase flex mb-1\">modificarea politicii de confiden\u021bialitate<\/span>\r\n\t\t\t<p class=\"mb-10\">Dac\u0103 este necesara o schimbare a prezentelor reguli de confiden\u021bialitate, Gradinile Romane va publica respectivele modificari pentru a asigura o informare corecta \u0219i completa privind datele colectate \u0219i modul \u00een care acestea sunt utilizate. \u00cen situa\u021bia \u00een care se consider\u0103 ca drepturile prev\u0103zute \u00een Regulamentul nr. 679\/2016 au fost \u00eenc\u0103lcate, orice persoana vizat\u0103 are posibilitatea de a se adresa Autorit\u0103\u021bii Na\u021bionale pentru Supravegherea Prelucr\u0103rii Datelor cu Caracter Personal (A.N.S.P.D.C.P.) prin depunerea unei pl\u00e2ngeri. Datele de contact ale A.N.S.P.D.C.P. sunt urm\u0103toarele: Bucure\u0219ti, B-dul G-ral. Gheorghe Magheru 28-30, Sector 1, cod postal 010336; Telefon: +40.318.059.211 \/ +40.318.059.212; Fax: +40.318.059.602; E-mail: anspdcp@dataprotection.ro; Pagina web: www.dataprotection.ro.<\/p>\r\n\t\t\t<span class=\"text-xs text-primary font-medium tracking-widest uppercase flex mb-1\">actualiz\u0103ri la aceast\u0103 politic\u0103<\/span>\r\n\t\t\t<p>Politica de Protec\u021bie a Datelor cu Caracter Personal va fi revizuit\u0103 periodic, iar dac\u0103 este cazul, va fi actualizat\u0103.<\/p>\r\n\t\t<\/div>\r\n\t\t<div class=\"flex flex-col items-stretch xl:w-72 xl:shrink-0 2xl:w-80\">\r\n\t\t\t<div class=\"sticky top-10\">\r\n\t\t\t\t<!-- wp:html -->\n<div class=\"hidden xl:flex xl:flex-col xl:space-y-10\">\r\n\t<div class=\"bg-primary p-7 rounded-2xl\">\r\n\t\t<form class=\"w-full grid gap-5\" onsubmit=\"submitForm(event)\" action=\"\">\r\n            <input type=\"hidden\" name=\"domain\" value=\"gradinileromane.com\">\r\n            <input type=\"hidden\" name=\"auth\" value=\"68e21a7083a591831ea67e78816f18bd\">\r\n            <input type=\"hidden\" name=\"auth1\" value=\"K6XMSaA2pqnqvBLauKG9O3rFhg2R6hcvAjv71uBQ\">\r\n            <div class=\"relative\">\r\n                <label class=\"text-white font-medium flex mb-1\" for=\"prima_zi\">When can we expect you?<\/label>\r\n                <input class=\"checkin_date w-full text-white bg-black\/10 font-medium pl-11 py-3 pr-5 tracking-tight rounded-lg transition-all hover:bg-black\/20 focus:bg-black\/20 focus:outline-none focus:shadow-outline placeholder:text-white\/50\" type=\"text\" name=\"prima_zi\" id=\"prima_zi\" placeholder=\"Select a day from the calendar\">\r\n                <svg xmlns=\"http:\/\/www.w3.org\/2000\/svg\" fill=\"none\" viewbox=\"0 0 24 24\" stroke-width=\"1.5\" stroke=\"currentColor\" class=\"w-6 h-6 text-white absolute bottom-3 left-3\"><path stroke-linecap=\"round\" stroke-linejoin=\"round\" d=\"M18 18.72a9.094 9.094 0 003.741-.479 3 3 0 00-4.682-2.72m.94 3.198l.001.031c0 .225-.012.447-.037.666A11.944 11.944 0 0112 21c-2.17 0-4.207-.576-5.963-1.584A6.062 6.062 0 016 18.719m12 0a5.971 5.971 0 00-.941-3.197m0 0A5.995 5.995 0 0012 12.75a5.995 5.995 0 00-5.058 2.772m0 0a3 3 0 00-4.681 2.72 8.986 8.986 0 003.74.477m.94-3.197a5.971 5.971 0 00-.94 3.197M15 6.75a3 3 0 11-6 0 3 3 0 016 0zm6 3a2.25 2.25 0 11-4.5 0 2.25 2.25 0 014.5 0zm-13.5 0a2.25 2.25 0 11-4.5 0 2.25 2.25 0 014.5 0z\" \/><\/svg>\r\n            <\/div>\r\n            <div class=\"relative\">\r\n                <label class=\"text-white font-medium flex mb-1\" for=\"ultima_zi\">Check-out<\/label>\r\n                <input class=\"checkout_date w-full text-white bg-black\/10 font-medium pl-11 py-3 pr-5 tracking-tight rounded-lg transition-all hover:bg-black\/20 focus:bg-black\/20 focus:outline-none focus:shadow-outline placeholder:text-white\/50\" type=\"text\" name=\"ultima_zi\" id=\"ultima_zi\" placeholder=\"Select a day from the calendar\">\r\n                <svg xmlns=\"http:\/\/www.w3.org\/2000\/svg\" fill=\"none\" viewbox=\"0 0 24 24\" stroke-width=\"1.5\" stroke=\"currentColor\" class=\"w-6 h-6 text-white absolute bottom-3 left-3\"><path stroke-linecap=\"round\" stroke-linejoin=\"round\" d=\"M15.75 9V5.25A2.25 2.25 0 0013.5 3h-6a2.25 2.25 0 00-2.25 2.25v13.5A2.25 2.25 0 007.5 21h6a2.25 2.25 0 002.25-2.25V15m3 0l3-3m0 0l-3-3m3 3H9\" \/><\/svg>\r\n            <\/div>\r\n            <button type=\"submit\" class=\"w-full text-slate-700 bg-white font-medium text-center p-3 rounded-full transition-all hover:cursor-pointer hover:ring hover:ring-black\/10\" value=\"Verific\u0103 disponibilitatea\">Check availability<\/button>\r\n        <input type=\"hidden\" name=\"trp-form-language\" value=\"en\"\/><\/form>\r\n\t<\/div>\r\n\t\r\n\t<div class=\"flex space-x-2.5\">\r\n\t\t<svg xmlns=\"http:\/\/www.w3.org\/2000\/svg\" fill=\"none\" viewbox=\"0 0 24 24\" stroke-width=\"1.5\" stroke=\"currentColor\" class=\"text-primary w-6 h-6 shrink-0\"><path stroke-linecap=\"round\" stroke-linejoin=\"round\" d=\"M11.25 11.25l.041-.02a.75.75 0 011.063.852l-.708 2.836a.75.75 0 001.063.853l.041-.021M21 12a9 9 0 11-18 0 9 9 0 0118 0zm-9-3.75h.008v.008H12V8.25z\" \/><\/svg>\r\n\t\t<span>V\u0103 inform\u0103m c\u0103 ultimii 600 de metri p\u00e2n\u0103 la loca\u021bie sunt pe un drum neasfaltat, conduce\u021bi prudent.<\/span>\r\n\t<\/div>\r\n<\/div>\n<!-- \/wp:html -->\r\n\t\t\t<\/div>\r\n\t\t<\/div>\r\n\t<\/div>\r\n<\/section>","protected":false},"excerpt":{"rendered":"<p>gr\u0103dinile rom\u00e2ne gdpr Gr\u0103dinile Romane colecteaz\u0103, pe baza furniz\u0103rii voluntare a persoanei vizate, date cu caracter personal iar tipurile de date colectate depind de natura modului \u00een care vizitatorul site-ului dore\u0219te s\u0103 interac\u021bioneze cu site-ul. gr\u0103dinileromane.ro Prelucrarea datelor cu caracter personal Gr\u0103dinile Romane, localizat\u0103 \u00een Str. Debarcaderului nr. 70, Sat Chiri\u021beni, Comuna Hangu, jude\u021bul Neam\u021b, [&hellip;]<\/p>","protected":false},"author":1,"featured_media":0,"parent":0,"menu_order":0,"comment_status":"closed","ping_status":"closed","template":"","meta":{"inline_featured_image":false,"footnotes":""},"class_list":["post-21","page","type-page","status-publish","hentry"],"yoast_head":"<!-- This site is optimized with the Yoast SEO plugin v25.5 - https:\/\/yoast.com\/wordpress\/plugins\/seo\/ -->\n<title>Prelucrarea datelor cu caracter personal - Gr\u0103dinile Romane<\/title>\n<meta name=\"description\" content=\"Descoper\u0103 politica noastr\u0103 de prelucrare a datelor cu caracter personal la pensiunea noastr\u0103 de lux. Protej\u0103m confiden\u021bialitatea cu grij\u0103 \u0219i profesionalism.\" \/>\n<meta name=\"robots\" content=\"index, follow, max-snippet:-1, max-image-preview:large, max-video-preview:-1\" \/>\n<link rel=\"canonical\" href=\"https:\/\/gradinileromane.ro\/en\/prelucrarea-datelor-cu-caracter-personal\/\" \/>\n<meta property=\"og:locale\" content=\"en_US\" \/>\n<meta property=\"og:type\" content=\"article\" \/>\n<meta property=\"og:title\" content=\"Prelucrarea datelor cu caracter personal - Gr\u0103dinile Romane\" \/>\n<meta property=\"og:description\" content=\"Descoper\u0103 politica noastr\u0103 de prelucrare a datelor cu caracter personal la pensiunea noastr\u0103 de lux. Protej\u0103m confiden\u021bialitatea cu grij\u0103 \u0219i profesionalism.\" \/>\n<meta property=\"og:url\" content=\"https:\/\/gradinileromane.ro\/en\/prelucrarea-datelor-cu-caracter-personal\/\" \/>\n<meta property=\"og:site_name\" content=\"Gr\u0103dinile Romane\" \/>\n<meta property=\"article:modified_time\" content=\"2024-01-30T10:37:42+00:00\" \/>\n<meta name=\"twitter:card\" content=\"summary_large_image\" \/>\n<meta name=\"twitter:label1\" content=\"Est. reading time\" \/>\n\t<meta name=\"twitter:data1\" content=\"9 minutes\" \/>\n<script type=\"application\/ld+json\" class=\"yoast-schema-graph\">{\"@context\":\"https:\/\/schema.org\",\"@graph\":[{\"@type\":\"WebPage\",\"@id\":\"https:\/\/gradinileromane.ro\/prelucrarea-datelor-cu-caracter-personal\/\",\"url\":\"https:\/\/gradinileromane.ro\/prelucrarea-datelor-cu-caracter-personal\/\",\"name\":\"Prelucrarea datelor cu caracter personal - Gr\u0103dinile Romane\",\"isPartOf\":{\"@id\":\"https:\/\/gradinileromane.ro\/#website\"},\"datePublished\":\"2023-11-30T17:54:16+00:00\",\"dateModified\":\"2024-01-30T10:37:42+00:00\",\"description\":\"Descoper\u0103 politica noastr\u0103 de prelucrare a datelor cu caracter personal la pensiunea noastr\u0103 de lux. Protej\u0103m confiden\u021bialitatea cu grij\u0103 \u0219i profesionalism.\",\"breadcrumb\":{\"@id\":\"https:\/\/gradinileromane.ro\/prelucrarea-datelor-cu-caracter-personal\/#breadcrumb\"},\"inLanguage\":\"en\",\"potentialAction\":[{\"@type\":\"ReadAction\",\"target\":[\"https:\/\/gradinileromane.ro\/prelucrarea-datelor-cu-caracter-personal\/\"]}]},{\"@type\":\"BreadcrumbList\",\"@id\":\"https:\/\/gradinileromane.ro\/prelucrarea-datelor-cu-caracter-personal\/#breadcrumb\",\"itemListElement\":[{\"@type\":\"ListItem\",\"position\":1,\"name\":\"Prima pagin\u0103\",\"item\":\"https:\/\/gradinileromane.ro\/\"},{\"@type\":\"ListItem\",\"position\":2,\"name\":\"Prelucrarea datelor cu caracter personal\"}]},{\"@type\":\"WebSite\",\"@id\":\"https:\/\/gradinileromane.ro\/#website\",\"url\":\"https:\/\/gradinileromane.ro\/\",\"name\":\"Gr\u0103dinile Romane\",\"description\":\"Locul unde relaxarea devine art\u0103\",\"potentialAction\":[{\"@type\":\"SearchAction\",\"target\":{\"@type\":\"EntryPoint\",\"urlTemplate\":\"https:\/\/gradinileromane.ro\/?s={search_term_string}\"},\"query-input\":{\"@type\":\"PropertyValueSpecification\",\"valueRequired\":true,\"valueName\":\"search_term_string\"}}],\"inLanguage\":\"en\"}]}<\/script>\n<!-- \/ Yoast SEO plugin. -->","yoast_head_json":{"title":"Prelucrarea datelor cu caracter personal - Gr\u0103dinile Romane","description":"Descoper\u0103 politica noastr\u0103 de prelucrare a datelor cu caracter personal la pensiunea noastr\u0103 de lux. Protej\u0103m confiden\u021bialitatea cu grij\u0103 \u0219i profesionalism.","robots":{"index":"index","follow":"follow","max-snippet":"max-snippet:-1","max-image-preview":"max-image-preview:large","max-video-preview":"max-video-preview:-1"},"canonical":"https:\/\/gradinileromane.ro\/en\/prelucrarea-datelor-cu-caracter-personal\/","og_locale":"en_US","og_type":"article","og_title":"Prelucrarea datelor cu caracter personal - Gr\u0103dinile Romane","og_description":"Descoper\u0103 politica noastr\u0103 de prelucrare a datelor cu caracter personal la pensiunea noastr\u0103 de lux. Protej\u0103m confiden\u021bialitatea cu grij\u0103 \u0219i profesionalism.","og_url":"https:\/\/gradinileromane.ro\/en\/prelucrarea-datelor-cu-caracter-personal\/","og_site_name":"Gr\u0103dinile Romane","article_modified_time":"2024-01-30T10:37:42+00:00","twitter_card":"summary_large_image","twitter_misc":{"Est. reading time":"9 minutes"},"schema":{"@context":"https:\/\/schema.org","@graph":[{"@type":"WebPage","@id":"https:\/\/gradinileromane.ro\/prelucrarea-datelor-cu-caracter-personal\/","url":"https:\/\/gradinileromane.ro\/prelucrarea-datelor-cu-caracter-personal\/","name":"Prelucrarea datelor cu caracter personal - Gr\u0103dinile Romane","isPartOf":{"@id":"https:\/\/gradinileromane.ro\/#website"},"datePublished":"2023-11-30T17:54:16+00:00","dateModified":"2024-01-30T10:37:42+00:00","description":"Descoper\u0103 politica noastr\u0103 de prelucrare a datelor cu caracter personal la pensiunea noastr\u0103 de lux. Protej\u0103m confiden\u021bialitatea cu grij\u0103 \u0219i profesionalism.","breadcrumb":{"@id":"https:\/\/gradinileromane.ro\/prelucrarea-datelor-cu-caracter-personal\/#breadcrumb"},"inLanguage":"en","potentialAction":[{"@type":"ReadAction","target":["https:\/\/gradinileromane.ro\/prelucrarea-datelor-cu-caracter-personal\/"]}]},{"@type":"BreadcrumbList","@id":"https:\/\/gradinileromane.ro\/prelucrarea-datelor-cu-caracter-personal\/#breadcrumb","itemListElement":[{"@type":"ListItem","position":1,"name":"Prima pagin\u0103","item":"https:\/\/gradinileromane.ro\/"},{"@type":"ListItem","position":2,"name":"Prelucrarea datelor cu caracter personal"}]},{"@type":"WebSite","@id":"https:\/\/gradinileromane.ro\/#website","url":"https:\/\/gradinileromane.ro\/","name":"Gr\u0103dinile Romane","description":"Locul unde relaxarea devine art\u0103","potentialAction":[{"@type":"SearchAction","target":{"@type":"EntryPoint","urlTemplate":"https:\/\/gradinileromane.ro\/?s={search_term_string}"},"query-input":{"@type":"PropertyValueSpecification","valueRequired":true,"valueName":"search_term_string"}}],"inLanguage":"en"}]}},"_links":{"self":[{"href":"https:\/\/gradinileromane.ro\/en\/wp-json\/wp\/v2\/pages\/21","targetHints":{"allow":["GET"]}}],"collection":[{"href":"https:\/\/gradinileromane.ro\/en\/wp-json\/wp\/v2\/pages"}],"about":[{"href":"https:\/\/gradinileromane.ro\/en\/wp-json\/wp\/v2\/types\/page"}],"author":[{"embeddable":true,"href":"https:\/\/gradinileromane.ro\/en\/wp-json\/wp\/v2\/users\/1"}],"replies":[{"embeddable":true,"href":"https:\/\/gradinileromane.ro\/en\/wp-json\/wp\/v2\/comments?post=21"}],"version-history":[{"count":0,"href":"https:\/\/gradinileromane.ro\/en\/wp-json\/wp\/v2\/pages\/21\/revisions"}],"wp:attachment":[{"href":"https:\/\/gradinileromane.ro\/en\/wp-json\/wp\/v2\/media?parent=21"}],"curies":[{"name":"wp","href":"https:\/\/api.w.org\/{rel}","templated":true}]}}